{"id":19,"date":"2018-04-12T13:23:25","date_gmt":"2018-04-12T13:23:25","guid":{"rendered":"http:\/\/bodegalasarcas.com.ar\/web\/?page_id=19"},"modified":"2024-11-13T10:12:09","modified_gmt":"2024-11-13T13:12:09","slug":"fincas","status":"publish","type":"page","link":"https:\/\/bodegalasarcas.com.ar\/web\/fincas\/","title":{"rendered":"Terru\u00f1o"},"content":{"rendered":"<section class=\"l-section wpb_row height_large color_primary with_img\"><div class=\"l-section-img\" role=\"img\" aria-label=\"Imagen\" data-img-width=\"1920\" data-img-height=\"350\" style=\"background-image: url(https:\/\/bodegalasarcas.com.ar\/web\/wp-content\/uploads\/2018\/05\/titulo_fincas.jpg);\"><\/div><div class=\"l-section-h i-cf\"><div class=\"g-cols vc_row via_flex valign_middle type_default stacking_default\"><div class=\"vc_col-sm-12 wpb_column vc_column_container\"><div class=\"vc_column-inner\"><div class=\"wpb_wrapper\"><h1 class=\"w-post-elm post_title us_custom_064d9100 align_center entry-title color_link_inherit\">Terru\u00f1o<\/h1><\/div><\/div><\/div><\/div><\/div><\/section><section class=\"l-section wpb_row height_auto\"><div class=\"l-section-h i-cf\"><div class=\"g-cols vc_row via_flex valign_middle type_boxes stacking_default\"><div class=\"vc_col-sm-6 wpb_column vc_column_container\"><div class=\"vc_column-inner\"><div class=\"wpb_wrapper\">[vc_custom_heading text=\u00bbTerru\u00f1o\u00bb font_container=\u00bbtag:h1|text_align:left\u00bb use_theme_fonts=\u00bbyes\u00bb]<div class=\"wpb_text_column\"><div class=\"wpb_wrapper\"><p style=\"text-align: left;\">Tierra cautivante, donde las culturas de ind\u00edgenas, espa\u00f1oles, criollos e inmigrantes, parecen fundirse y a veces<br \/>\naislarse. Testigo de guerras y amores, logros y reveses, trabajo y sosiego.<br \/>\nSu historia y la de sus habitantes,<br \/>\nevocan\u00a0 su bella morfolog\u00eda y contrastes: r\u00edos que confluyen enfrentados, y fundidos bajan al llano; altas<br \/>\nmonta\u00f1as rocosas, verdes, rojas, amarillas y azules, que la nieve, las escasas lluvias, el sol y el viento,<br \/>\ntransforman en arenas multicolores.<\/p>\n<\/div><\/div><\/div><\/div><\/div><div class=\"vc_col-sm-6 wpb_column vc_column_container\"><div class=\"vc_column-inner\"><div class=\"wpb_wrapper\">[vc_custom_heading text=\u00bbGeograf\u00eda\u00bb font_container=\u00bbtag:h1|text_align:left\u00bb use_theme_fonts=\u00bbyes\u00bb]<div class=\"wpb_text_column\"><div class=\"wpb_wrapper\"><p style=\"text-align: left;\">Valle Sub-andino de clima \u00e1rido seco: Fr\u00edo en invierno y caluroso en verano &#8211; Precipitaci\u00f3n anual de 100 mm &#8211; 345<br \/>\nd\u00edas de sol al a\u00f1o &#8211; Gran amplitud t\u00e9rmica: \u0394 26 \u00b0 C &#8211; Media anual: 16\u00b0 C ( -17\u00b0C \/+ 37\u00b0C) &#8211; Vientos<br \/>\npermanentes.<br \/>\nSuelo: arenoso &#8211; Relieve: laderas suaves en el valle y escarpadas monta\u00f1as .<br \/>\nFlora y fauna:<br \/>\nalgarrobos, breas, churquis, atamisquis, tuscas, arcas, cha\u00f1ares y cardones, zorros, quirquinchos y guanacos.<br \/>\nVinos Concentrados: 1,50 Kg uva x litro de vino.<\/p>\n<\/div><\/div><\/div><\/div><\/div><\/div><\/div><\/section><section class=\"l-section wpb_row height_auto\"><div class=\"l-section-overlay\" style=\"background:#f9f9f9\"><\/div><div class=\"l-section-h i-cf\"><div class=\"g-cols vc_row via_flex valign_middle type_boxes stacking_default\"><div class=\"vc_col-sm-6 wpb_column vc_column_container\"><div class=\"vc_column-inner\"><div class=\"wpb_wrapper\">[vc_custom_heading text=\u00bbCampo Ishanka\u00bb font_container=\u00bbtag:h1|text_align:left\u00bb use_theme_fonts=\u00bbyes\u00bb]<div class=\"wpb_text_column\"><div class=\"wpb_wrapper\"><p>30 hect\u00e1reas ubicadas a<br \/>\n1750 Metros Sobre el Nivel del Mar<br \/>\nCepas cultivadas:<br \/>\nMalbec \/ Cabernet Sauvignon<br \/>\nCabernet Franc \/ Petit Verdot<br \/>\nTannat \/ Torront\u00e9s<\/p>\n<\/div><\/div><\/div><\/div><\/div><div class=\"vc_col-sm-6 wpb_column vc_column_container\"><div class=\"vc_column-inner\"><div class=\"wpb_wrapper\"><div class=\"w-image align_none\"><div class=\"w-image-h\"><img decoding=\"async\" width=\"800\" height=\"533\" src=\"https:\/\/bodegalasarcas.com.ar\/web\/wp-content\/uploads\/2018\/05\/campo_ishanka.jpg\" class=\"attachment-full size-full\" alt=\"\" loading=\"lazy\" srcset=\"https:\/\/bodegalasarcas.com.ar\/web\/wp-content\/uploads\/2018\/05\/campo_ishanka.jpg 800w, https:\/\/bodegalasarcas.com.ar\/web\/wp-content\/uploads\/2018\/05\/campo_ishanka-350x233.jpg 350w, https:\/\/bodegalasarcas.com.ar\/web\/wp-content\/uploads\/2018\/05\/campo_ishanka-300x200.jpg 300w, https:\/\/bodegalasarcas.com.ar\/web\/wp-content\/uploads\/2018\/05\/campo_ishanka-768x512.jpg 768w, https:\/\/bodegalasarcas.com.ar\/web\/wp-content\/uploads\/2018\/05\/campo_ishanka-600x400.jpg 600w\" sizes=\"auto, (max-width: 800px) 100vw, 800px\" \/><\/div><\/div><\/div><\/div><\/div><\/div><\/div><\/section><section class=\"l-section wpb_row height_auto\"><div class=\"l-section-h i-cf\"><div class=\"g-cols vc_row via_flex valign_middle type_boxes stacking_default\"><div class=\"vc_col-sm-6 wpb_column vc_column_container\"><div class=\"vc_column-inner\"><div class=\"wpb_wrapper\"><div class=\"w-image align_none\"><div class=\"w-image-h\"><img decoding=\"async\" width=\"800\" height=\"532\" src=\"https:\/\/bodegalasarcas.com.ar\/web\/wp-content\/uploads\/2018\/05\/puesto_yacomisky.jpg\" class=\"attachment-full size-full\" alt=\"\" loading=\"lazy\" srcset=\"https:\/\/bodegalasarcas.com.ar\/web\/wp-content\/uploads\/2018\/05\/puesto_yacomisky.jpg 800w, https:\/\/bodegalasarcas.com.ar\/web\/wp-content\/uploads\/2018\/05\/puesto_yacomisky-350x233.jpg 350w, https:\/\/bodegalasarcas.com.ar\/web\/wp-content\/uploads\/2018\/05\/puesto_yacomisky-300x200.jpg 300w, https:\/\/bodegalasarcas.com.ar\/web\/wp-content\/uploads\/2018\/05\/puesto_yacomisky-768x511.jpg 768w, https:\/\/bodegalasarcas.com.ar\/web\/wp-content\/uploads\/2018\/05\/puesto_yacomisky-600x400.jpg 600w\" sizes=\"auto, (max-width: 800px) 100vw, 800px\" \/><\/div><\/div><\/div><\/div><\/div><div class=\"vc_col-sm-6 wpb_column vc_column_container\"><div class=\"vc_column-inner\"><div class=\"wpb_wrapper\">[vc_custom_heading text=\u00bbPuesto Yacomisky\u00bb font_container=\u00bbtag:h1|text_align:left\u00bb use_theme_fonts=\u00bbyes\u00bb]<div class=\"wpb_text_column\"><div class=\"wpb_wrapper\"><p>3 hect\u00e1reas ubicadas a<br \/>\n3.000 Metros Sobre el Nivel del Mar<br \/>\nCepas cultivadas:<br \/>\nMalbec \/ Pinot Noir \/ Sauvignon Blanc<\/p>\n<\/div><\/div><\/div><\/div><\/div><\/div><\/div><\/section><section class=\"l-section wpb_row height_auto\"><div class=\"l-section-overlay\" style=\"background:#f9f9f9\"><\/div><div class=\"l-section-h i-cf\"><div class=\"g-cols vc_row via_flex valign_middle type_boxes stacking_default\"><div class=\"vc_col-sm-6 wpb_column vc_column_container\"><div class=\"vc_column-inner\"><div class=\"wpb_wrapper\">[vc_custom_heading text=\u00bbFinca El Arbolar\u00bb font_container=\u00bbtag:h1|text_align:left\u00bb use_theme_fonts=\u00bbyes\u00bb]<div class=\"wpb_text_column\"><div class=\"wpb_wrapper\"><p>20 hect\u00e1reas ubicadas a<br \/>\n2000 Metros Sobre el Nivel del Mar<br \/>\nCepas cultivadas: Malbec<\/p>\n<\/div><\/div><\/div><\/div><\/div><div class=\"vc_col-sm-6 wpb_column vc_column_container\"><div class=\"vc_column-inner\"><div class=\"wpb_wrapper\"><div class=\"w-image align_none\"><div class=\"w-image-h\"><img decoding=\"async\" width=\"800\" height=\"450\" src=\"https:\/\/bodegalasarcas.com.ar\/web\/wp-content\/uploads\/2018\/05\/fincaelarbolar.jpg\" class=\"attachment-full size-full\" alt=\"\" loading=\"lazy\" srcset=\"https:\/\/bodegalasarcas.com.ar\/web\/wp-content\/uploads\/2018\/05\/fincaelarbolar.jpg 800w, https:\/\/bodegalasarcas.com.ar\/web\/wp-content\/uploads\/2018\/05\/fincaelarbolar-350x197.jpg 350w, https:\/\/bodegalasarcas.com.ar\/web\/wp-content\/uploads\/2018\/05\/fincaelarbolar-300x169.jpg 300w, https:\/\/bodegalasarcas.com.ar\/web\/wp-content\/uploads\/2018\/05\/fincaelarbolar-768x432.jpg 768w, https:\/\/bodegalasarcas.com.ar\/web\/wp-content\/uploads\/2018\/05\/fincaelarbolar-600x338.jpg 600w\" sizes=\"auto, (max-width: 800px) 100vw, 800px\" \/><\/div><\/div><\/div><\/div><\/div><\/div><\/div><\/section>\n","protected":false},"excerpt":{"rendered":"Terru\u00f1o[vc_custom_heading text=\"Terru\u00f1o\" font_container=\"tag:h1|text_align:left\" use_theme_fonts=\"yes\"]Tierra cautivante, donde las culturas de ind\u00edgenas, espa\u00f1oles, criollos e inmigrantes, parecen fundirse y a veces aislarse. Testigo de guerras y amores, logros y reveses, trabajo y sosiego. Su historia y la de sus habitantes, evocan\u00a0 su bella morfolog\u00eda y contrastes: r\u00edos que confluyen enfrentados, y fundidos bajan al llano; altas monta\u00f1as...","protected":false},"author":1,"featured_media":0,"parent":0,"menu_order":0,"comment_status":"closed","ping_status":"closed","template":"","meta":{"_joinchat":[],"footnotes":""},"class_list":["post-19","page","type-page","status-publish","hentry"],"yoast_head":"<!-- This site is optimized with the Yoast SEO plugin v27.4 - https:\/\/yoast.com\/product\/yoast-seo-wordpress\/ -->\n<title>Nuestro Terru\u00f1o | Bodega Las Arcas de Tolomb\u00f3n<\/title>\n<meta name=\"description\" content=\"Nuestro Terru\u00f1o con sus condiciones de altitud, amplitud t\u00e9rmica y diferentes caracter\u00edsticas f\u00edsicas y qu\u00edmicas del suelo, nos permite elaborar vinos de altura de excelente calidad.\" \/>\n<meta name=\"robots\" content=\"index, follow, max-snippet:-1, max-image-preview:large, max-video-preview:-1\" \/>\n<link rel=\"canonical\" href=\"https:\/\/bodegalasarcas.com.ar\/web\/fincas\/\" \/>\n<meta property=\"og:locale\" content=\"es_ES\" \/>\n<meta property=\"og:type\" content=\"article\" \/>\n<meta property=\"og:title\" content=\"Nuestro Terru\u00f1o | Bodega Las Arcas de Tolomb\u00f3n\" \/>\n<meta property=\"og:description\" content=\"Nuestro Terru\u00f1o con sus condiciones de altitud, amplitud t\u00e9rmica y diferentes caracter\u00edsticas f\u00edsicas y qu\u00edmicas del suelo, nos permite elaborar vinos de altura de excelente calidad.\" \/>\n<meta property=\"og:url\" content=\"https:\/\/bodegalasarcas.com.ar\/web\/fincas\/\" \/>\n<meta property=\"og:site_name\" content=\"Bodega las Arcas de Tolomb\u00f3n\" \/>\n<meta property=\"article:publisher\" content=\"https:\/\/www.facebook.com\/lasarcasdetolombonoficial\/\" \/>\n<meta property=\"article:modified_time\" content=\"2024-11-13T13:12:09+00:00\" \/>\n<meta name=\"twitter:card\" content=\"summary_large_image\" \/>\n<meta name=\"twitter:label1\" content=\"Tiempo de lectura\" \/>\n\t<meta name=\"twitter:data1\" content=\"2 minutos\" \/>\n<script type=\"application\/ld+json\" class=\"yoast-schema-graph\">{\"@context\":\"https:\\\/\\\/schema.org\",\"@graph\":[{\"@type\":\"WebPage\",\"@id\":\"https:\\\/\\\/bodegalasarcas.com.ar\\\/web\\\/fincas\\\/\",\"url\":\"https:\\\/\\\/bodegalasarcas.com.ar\\\/web\\\/fincas\\\/\",\"name\":\"Nuestro Terru\u00f1o | Bodega Las Arcas de Tolomb\u00f3n\",\"isPartOf\":{\"@id\":\"https:\\\/\\\/bodegalasarcas.com.ar\\\/web\\\/#website\"},\"datePublished\":\"2018-04-12T13:23:25+00:00\",\"dateModified\":\"2024-11-13T13:12:09+00:00\",\"description\":\"Nuestro Terru\u00f1o con sus condiciones de altitud, amplitud t\u00e9rmica y diferentes caracter\u00edsticas f\u00edsicas y qu\u00edmicas del suelo, nos permite elaborar vinos de altura de excelente calidad.\",\"breadcrumb\":{\"@id\":\"https:\\\/\\\/bodegalasarcas.com.ar\\\/web\\\/fincas\\\/#breadcrumb\"},\"inLanguage\":\"es\",\"potentialAction\":[{\"@type\":\"ReadAction\",\"target\":[\"https:\\\/\\\/bodegalasarcas.com.ar\\\/web\\\/fincas\\\/\"]}]},{\"@type\":\"BreadcrumbList\",\"@id\":\"https:\\\/\\\/bodegalasarcas.com.ar\\\/web\\\/fincas\\\/#breadcrumb\",\"itemListElement\":[{\"@type\":\"ListItem\",\"position\":1,\"name\":\"Portada\",\"item\":\"https:\\\/\\\/bodegalasarcas.com.ar\\\/web\\\/\"},{\"@type\":\"ListItem\",\"position\":2,\"name\":\"Terru\u00f1o\"}]},{\"@type\":\"WebSite\",\"@id\":\"https:\\\/\\\/bodegalasarcas.com.ar\\\/web\\\/#website\",\"url\":\"https:\\\/\\\/bodegalasarcas.com.ar\\\/web\\\/\",\"name\":\"Bodega las Arcas de Tolomb\u00f3n\",\"description\":\"Vinos Tucumanos con la fuerza Valle Calchaqu\u00ed\",\"publisher\":{\"@id\":\"https:\\\/\\\/bodegalasarcas.com.ar\\\/web\\\/#organization\"},\"potentialAction\":[{\"@type\":\"SearchAction\",\"target\":{\"@type\":\"EntryPoint\",\"urlTemplate\":\"https:\\\/\\\/bodegalasarcas.com.ar\\\/web\\\/?s={search_term_string}\"},\"query-input\":{\"@type\":\"PropertyValueSpecification\",\"valueRequired\":true,\"valueName\":\"search_term_string\"}}],\"inLanguage\":\"es\"},{\"@type\":\"Organization\",\"@id\":\"https:\\\/\\\/bodegalasarcas.com.ar\\\/web\\\/#organization\",\"name\":\"Bodega las Arcas de Tolomb\u00f3n\",\"url\":\"https:\\\/\\\/bodegalasarcas.com.ar\\\/web\\\/\",\"logo\":{\"@type\":\"ImageObject\",\"inLanguage\":\"es\",\"@id\":\"https:\\\/\\\/bodegalasarcas.com.ar\\\/web\\\/#\\\/schema\\\/logo\\\/image\\\/\",\"url\":\"https:\\\/\\\/bodegalasarcas.com.ar\\\/web\\\/wp-content\\\/uploads\\\/2020\\\/05\\\/logo-BLAT-2020.png\",\"contentUrl\":\"https:\\\/\\\/bodegalasarcas.com.ar\\\/web\\\/wp-content\\\/uploads\\\/2020\\\/05\\\/logo-BLAT-2020.png\",\"width\":1024,\"height\":1024,\"caption\":\"Bodega las Arcas de Tolomb\u00f3n\"},\"image\":{\"@id\":\"https:\\\/\\\/bodegalasarcas.com.ar\\\/web\\\/#\\\/schema\\\/logo\\\/image\\\/\"},\"sameAs\":[\"https:\\\/\\\/www.facebook.com\\\/lasarcasdetolombonoficial\\\/\",\"https:\\\/\\\/www.instagram.com\\\/bodegalasarcas_oficial\\\/\",\"https:\\\/\\\/www.youtube.com\\\/channel\\\/UCFZl-FjVRhqERIKARMLo4rw\"]}]}<\/script>\n<!-- \/ Yoast SEO plugin. -->","yoast_head_json":{"title":"Nuestro Terru\u00f1o | Bodega Las Arcas de Tolomb\u00f3n","description":"Nuestro Terru\u00f1o con sus condiciones de altitud, amplitud t\u00e9rmica y diferentes caracter\u00edsticas f\u00edsicas y qu\u00edmicas del suelo, nos permite elaborar vinos de altura de excelente calidad.","robots":{"index":"index","follow":"follow","max-snippet":"max-snippet:-1","max-image-preview":"max-image-preview:large","max-video-preview":"max-video-preview:-1"},"canonical":"https:\/\/bodegalasarcas.com.ar\/web\/fincas\/","og_locale":"es_ES","og_type":"article","og_title":"Nuestro Terru\u00f1o | Bodega Las Arcas de Tolomb\u00f3n","og_description":"Nuestro Terru\u00f1o con sus condiciones de altitud, amplitud t\u00e9rmica y diferentes caracter\u00edsticas f\u00edsicas y qu\u00edmicas del suelo, nos permite elaborar vinos de altura de excelente calidad.","og_url":"https:\/\/bodegalasarcas.com.ar\/web\/fincas\/","og_site_name":"Bodega las Arcas de Tolomb\u00f3n","article_publisher":"https:\/\/www.facebook.com\/lasarcasdetolombonoficial\/","article_modified_time":"2024-11-13T13:12:09+00:00","twitter_card":"summary_large_image","twitter_misc":{"Tiempo de lectura":"2 minutos"},"schema":{"@context":"https:\/\/schema.org","@graph":[{"@type":"WebPage","@id":"https:\/\/bodegalasarcas.com.ar\/web\/fincas\/","url":"https:\/\/bodegalasarcas.com.ar\/web\/fincas\/","name":"Nuestro Terru\u00f1o | Bodega Las Arcas de Tolomb\u00f3n","isPartOf":{"@id":"https:\/\/bodegalasarcas.com.ar\/web\/#website"},"datePublished":"2018-04-12T13:23:25+00:00","dateModified":"2024-11-13T13:12:09+00:00","description":"Nuestro Terru\u00f1o con sus condiciones de altitud, amplitud t\u00e9rmica y diferentes caracter\u00edsticas f\u00edsicas y qu\u00edmicas del suelo, nos permite elaborar vinos de altura de excelente calidad.","breadcrumb":{"@id":"https:\/\/bodegalasarcas.com.ar\/web\/fincas\/#breadcrumb"},"inLanguage":"es","potentialAction":[{"@type":"ReadAction","target":["https:\/\/bodegalasarcas.com.ar\/web\/fincas\/"]}]},{"@type":"BreadcrumbList","@id":"https:\/\/bodegalasarcas.com.ar\/web\/fincas\/#breadcrumb","itemListElement":[{"@type":"ListItem","position":1,"name":"Portada","item":"https:\/\/bodegalasarcas.com.ar\/web\/"},{"@type":"ListItem","position":2,"name":"Terru\u00f1o"}]},{"@type":"WebSite","@id":"https:\/\/bodegalasarcas.com.ar\/web\/#website","url":"https:\/\/bodegalasarcas.com.ar\/web\/","name":"Bodega las Arcas de Tolomb\u00f3n","description":"Vinos Tucumanos con la fuerza Valle Calchaqu\u00ed","publisher":{"@id":"https:\/\/bodegalasarcas.com.ar\/web\/#organization"},"potentialAction":[{"@type":"SearchAction","target":{"@type":"EntryPoint","urlTemplate":"https:\/\/bodegalasarcas.com.ar\/web\/?s={search_term_string}"},"query-input":{"@type":"PropertyValueSpecification","valueRequired":true,"valueName":"search_term_string"}}],"inLanguage":"es"},{"@type":"Organization","@id":"https:\/\/bodegalasarcas.com.ar\/web\/#organization","name":"Bodega las Arcas de Tolomb\u00f3n","url":"https:\/\/bodegalasarcas.com.ar\/web\/","logo":{"@type":"ImageObject","inLanguage":"es","@id":"https:\/\/bodegalasarcas.com.ar\/web\/#\/schema\/logo\/image\/","url":"https:\/\/bodegalasarcas.com.ar\/web\/wp-content\/uploads\/2020\/05\/logo-BLAT-2020.png","contentUrl":"https:\/\/bodegalasarcas.com.ar\/web\/wp-content\/uploads\/2020\/05\/logo-BLAT-2020.png","width":1024,"height":1024,"caption":"Bodega las Arcas de Tolomb\u00f3n"},"image":{"@id":"https:\/\/bodegalasarcas.com.ar\/web\/#\/schema\/logo\/image\/"},"sameAs":["https:\/\/www.facebook.com\/lasarcasdetolombonoficial\/","https:\/\/www.instagram.com\/bodegalasarcas_oficial\/","https:\/\/www.youtube.com\/channel\/UCFZl-FjVRhqERIKARMLo4rw"]}]}},"_links":{"self":[{"href":"https:\/\/bodegalasarcas.com.ar\/web\/wp-json\/wp\/v2\/pages\/19","targetHints":{"allow":["GET"]}}],"collection":[{"href":"https:\/\/bodegalasarcas.com.ar\/web\/wp-json\/wp\/v2\/pages"}],"about":[{"href":"https:\/\/bodegalasarcas.com.ar\/web\/wp-json\/wp\/v2\/types\/page"}],"author":[{"embeddable":true,"href":"https:\/\/bodegalasarcas.com.ar\/web\/wp-json\/wp\/v2\/users\/1"}],"replies":[{"embeddable":true,"href":"https:\/\/bodegalasarcas.com.ar\/web\/wp-json\/wp\/v2\/comments?post=19"}],"version-history":[{"count":28,"href":"https:\/\/bodegalasarcas.com.ar\/web\/wp-json\/wp\/v2\/pages\/19\/revisions"}],"predecessor-version":[{"id":8242,"href":"https:\/\/bodegalasarcas.com.ar\/web\/wp-json\/wp\/v2\/pages\/19\/revisions\/8242"}],"wp:attachment":[{"href":"https:\/\/bodegalasarcas.com.ar\/web\/wp-json\/wp\/v2\/media?parent=19"}],"curies":[{"name":"wp","href":"https:\/\/api.w.org\/{rel}","templated":true}]}}