{"id":7582,"date":"2021-08-09T12:15:07","date_gmt":"2021-08-09T15:15:07","guid":{"rendered":"https:\/\/bodegalasarcas.com.ar\/web\/?page_id=7582"},"modified":"2021-10-28T11:18:36","modified_gmt":"2021-10-28T14:18:36","slug":"alberto-guardia","status":"publish","type":"page","link":"https:\/\/bodegalasarcas.com.ar\/web\/alberto-guardia\/","title":{"rendered":"Alberto Guardia"},"content":{"rendered":"<section class=\"l-section wpb_row height_medium\"><div class=\"l-section-h i-cf\"><div class=\"g-cols vc_row via_flex valign_top type_default stacking_default\"><div class=\"vc_col-sm-8 wpb_column vc_column_container\"><div class=\"vc_column-inner\"><div class=\"wpb_wrapper\"><div class=\"w-image align_none\"><div class=\"w-image-h\"><img decoding=\"async\" width=\"1024\" height=\"691\" src=\"https:\/\/bodegalasarcas.com.ar\/web\/wp-content\/uploads\/2021\/08\/alberto_destac-1-1024x691.jpg\" class=\"attachment-large size-large\" alt=\"Alberto Guardia\" loading=\"lazy\" srcset=\"https:\/\/bodegalasarcas.com.ar\/web\/wp-content\/uploads\/2021\/08\/alberto_destac-1-1024x691.jpg 1024w, https:\/\/bodegalasarcas.com.ar\/web\/wp-content\/uploads\/2021\/08\/alberto_destac-1-400x270.jpg 400w, https:\/\/bodegalasarcas.com.ar\/web\/wp-content\/uploads\/2021\/08\/alberto_destac-1-200x135.jpg 200w, https:\/\/bodegalasarcas.com.ar\/web\/wp-content\/uploads\/2021\/08\/alberto_destac-1-768x518.jpg 768w, https:\/\/bodegalasarcas.com.ar\/web\/wp-content\/uploads\/2021\/08\/alberto_destac-1-350x236.jpg 350w, https:\/\/bodegalasarcas.com.ar\/web\/wp-content\/uploads\/2021\/08\/alberto_destac-1.jpg 1310w\" sizes=\"auto, (max-width: 1024px) 100vw, 1024px\" \/><\/div><\/div><div class=\"w-separator size_small\"><\/div><div class=\"wpb_text_column\"><div class=\"wpb_wrapper\"><h1>Alberto Guardia<\/h1>\n<h3>Fundador de la Bodega Las Arcas de Tolomb\u00f3n<\/h3>\n<\/div><\/div><div class=\"w-separator size_small\"><\/div><div class=\"wpb_text_column\"><div class=\"wpb_wrapper\"><p>Alberto Guardia naci\u00f3 un 29 de agosto, en el d\u00eda en que se conmemora a Juan Bautista Alberdi y a los abogados. Y Alberto era un mediador, podr\u00eda haber sido diplom\u00e1tico, o l\u00edder sindical o gur\u00fa, un mensajero entre dos bandos en guerra \u2026pod\u00eda desempe\u00f1ar cualquier papel que le permitiera desenvainar sus armas de negociador, de\u00a0 componedor de partes, de fabricante de redes.<\/p>\n<p>Quer\u00eda cambiar el mundo desde cada \u00e1mbito en que le tocaba actuar. Un constructor en un sentido amplio, incansable so\u00f1ador y hacedor de proyectos y obsesivo despejando obst\u00e1culos. Con una sociabilidad innata, se sent\u00eda tan c\u00f3modo en un rancho con lo m\u00ednimo indispensable como en un hotel 5 estrellas en Par\u00eds, usando alpargatas en los dos sitios y conversando con las gentes m\u00e1s diversas, escuchando y aprendiendo siempre de quienes hacen.<\/p>\n<\/div><\/div><div class=\"w-separator size_small\"><\/div><div class=\"w-image align_none\"><div class=\"w-image-h\"><img decoding=\"async\" width=\"1024\" height=\"625\" src=\"https:\/\/bodegalasarcas.com.ar\/web\/wp-content\/uploads\/2021\/08\/alberto_destac_2-1024x625.jpg\" class=\"attachment-large size-large\" alt=\"Alberto Guardia\" loading=\"lazy\" srcset=\"https:\/\/bodegalasarcas.com.ar\/web\/wp-content\/uploads\/2021\/08\/alberto_destac_2-1024x625.jpg 1024w, https:\/\/bodegalasarcas.com.ar\/web\/wp-content\/uploads\/2021\/08\/alberto_destac_2-400x244.jpg 400w, https:\/\/bodegalasarcas.com.ar\/web\/wp-content\/uploads\/2021\/08\/alberto_destac_2-200x122.jpg 200w, https:\/\/bodegalasarcas.com.ar\/web\/wp-content\/uploads\/2021\/08\/alberto_destac_2-768x468.jpg 768w, https:\/\/bodegalasarcas.com.ar\/web\/wp-content\/uploads\/2021\/08\/alberto_destac_2-350x213.jpg 350w, https:\/\/bodegalasarcas.com.ar\/web\/wp-content\/uploads\/2021\/08\/alberto_destac_2.jpg 1310w\" sizes=\"auto, (max-width: 1024px) 100vw, 1024px\" \/><\/div><\/div><div class=\"w-separator size_small\"><\/div><div class=\"wpb_text_column\"><div class=\"wpb_wrapper\"><p>Investigaba cada detalle de sus proyectos. Pod\u00eda pasarse horas en las librer\u00edas o navegando en internet tras una palabra, un dato, una idea, con abstracci\u00f3n total del entorno y concentraci\u00f3n envidiable. Estaba en su elemento cuando de desaf\u00edos se trataba. Tomaba siempre \u00a0el camino m\u00e1s dif\u00edcil, quer\u00eda conocer los lugares menos visitados, construir en los sitios m\u00e1s distantes, desde la frontera norte del pa\u00eds \u00a0hasta Ushuaia. El desaf\u00edo significaba tambi\u00e9n para \u00e9l la innovaci\u00f3n, romper los esquemas, contradecir mandatos con un sentido de libertad creativa.<\/p>\n<p>As\u00ed fue como a fines de 2009, cuando proyectaba la bodega, viaj\u00f3 a \u00c1frica para conocer en forma directa unas edificaciones en arena caracter\u00edsticas de Mali y visitar en Tombuct\u00fa una de las bibliotecas m\u00e1s antiguas y maravillosas del mundo. Estas construcciones eran el ejemplo de la relaci\u00f3n simbi\u00f3tica entre el entorno natural y la arquitectura que estaba buscando. Cada uno de los ladrillos del edificio de la bodega est\u00e1n hechos con los materiales del lugar, al igual que\u00a0 los palos de madera que erizan las paredes externas logrando el efecto que \u00e9l so\u00f1\u00f3, que su imagen se fundiera con \u00a0las sierras bayas que enmarcan el r\u00edo Santa Mar\u00eda.<\/p>\n<p>El amor del fundador de Las Arcas de Tolomb\u00f3n por el Valle Calchaqu\u00ed naci\u00f3 en sus veranos adolescentes compartidos con un pastor transhumante en las cumbres de El Infiernillo, Feliciano Condor\u00ed. \u00c9l era tambi\u00e9n, a su modo, un pastor transhumante, como Feliciano Condor\u00ed, como Domingo Guanca, como Jos\u00e9, el que so\u00f1\u00f3 con 7 vacas.<\/p>\n<\/div><\/div><div class=\"w-separator size_small\"><\/div><\/div><\/div><\/div><div class=\"vc_col-sm-4 wpb_column vc_column_container\"><div class=\"vc_column-inner\"><div class=\"wpb_wrapper\"><div class=\"w-slider style_none fit_scaledown nav_none count_12\"><div class=\"w-slider-h\"><div class=\"royalSlider\"><div class=\"rsContent\"><a class=\"rsImg\" data-rsw=\"1024\" data-rsh=\"838\" data-rsBigImg=\"https:\/\/bodegalasarcas.com.ar\/web\/wp-content\/uploads\/2021\/08\/alberto_gal_11.jpg\" href=\"https:\/\/bodegalasarcas.com.ar\/web\/wp-content\/uploads\/2021\/08\/alberto_gal_11-1024x838.jpg\"><span data-alt=\"\"><\/span><\/a><\/div><div class=\"rsContent\"><a class=\"rsImg\" data-rsw=\"1024\" data-rsh=\"838\" data-rsBigImg=\"https:\/\/bodegalasarcas.com.ar\/web\/wp-content\/uploads\/2021\/08\/alberto_gal_12.jpg\" href=\"https:\/\/bodegalasarcas.com.ar\/web\/wp-content\/uploads\/2021\/08\/alberto_gal_12-1024x838.jpg\"><span data-alt=\"\"><\/span><\/a><\/div><div class=\"rsContent\"><a class=\"rsImg\" data-rsw=\"1024\" data-rsh=\"838\" data-rsBigImg=\"https:\/\/bodegalasarcas.com.ar\/web\/wp-content\/uploads\/2021\/08\/alberto_gal_1.jpg\" href=\"https:\/\/bodegalasarcas.com.ar\/web\/wp-content\/uploads\/2021\/08\/alberto_gal_1-1024x838.jpg\"><span data-alt=\"\"><\/span><\/a><\/div><div class=\"rsContent\"><a class=\"rsImg\" data-rsw=\"1024\" data-rsh=\"838\" data-rsBigImg=\"https:\/\/bodegalasarcas.com.ar\/web\/wp-content\/uploads\/2021\/08\/alberto_gal_2.jpg\" href=\"https:\/\/bodegalasarcas.com.ar\/web\/wp-content\/uploads\/2021\/08\/alberto_gal_2-1024x838.jpg\"><span data-alt=\"\"><\/span><\/a><\/div><div class=\"rsContent\"><a class=\"rsImg\" data-rsw=\"1024\" data-rsh=\"838\" data-rsBigImg=\"https:\/\/bodegalasarcas.com.ar\/web\/wp-content\/uploads\/2021\/08\/alberto_gal_3.jpg\" href=\"https:\/\/bodegalasarcas.com.ar\/web\/wp-content\/uploads\/2021\/08\/alberto_gal_3-1024x838.jpg\"><span data-alt=\"\"><\/span><\/a><\/div><div class=\"rsContent\"><a class=\"rsImg\" data-rsw=\"1024\" data-rsh=\"838\" data-rsBigImg=\"https:\/\/bodegalasarcas.com.ar\/web\/wp-content\/uploads\/2021\/08\/alberto_gal_4.jpg\" href=\"https:\/\/bodegalasarcas.com.ar\/web\/wp-content\/uploads\/2021\/08\/alberto_gal_4-1024x838.jpg\"><span data-alt=\"\"><\/span><\/a><\/div><div class=\"rsContent\"><a class=\"rsImg\" data-rsw=\"1024\" data-rsh=\"838\" data-rsBigImg=\"https:\/\/bodegalasarcas.com.ar\/web\/wp-content\/uploads\/2021\/08\/alberto_gal_5.jpg\" href=\"https:\/\/bodegalasarcas.com.ar\/web\/wp-content\/uploads\/2021\/08\/alberto_gal_5-1024x838.jpg\"><span data-alt=\"\"><\/span><\/a><\/div><div class=\"rsContent\"><a class=\"rsImg\" data-rsw=\"1024\" data-rsh=\"838\" data-rsBigImg=\"https:\/\/bodegalasarcas.com.ar\/web\/wp-content\/uploads\/2021\/08\/alberto_gal_6.jpg\" href=\"https:\/\/bodegalasarcas.com.ar\/web\/wp-content\/uploads\/2021\/08\/alberto_gal_6-1024x838.jpg\"><span data-alt=\"\"><\/span><\/a><\/div><div class=\"rsContent\"><a class=\"rsImg\" data-rsw=\"1024\" data-rsh=\"838\" data-rsBigImg=\"https:\/\/bodegalasarcas.com.ar\/web\/wp-content\/uploads\/2021\/08\/alberto_gal_7.jpg\" href=\"https:\/\/bodegalasarcas.com.ar\/web\/wp-content\/uploads\/2021\/08\/alberto_gal_7-1024x838.jpg\"><span data-alt=\"\"><\/span><\/a><\/div><div class=\"rsContent\"><a class=\"rsImg\" data-rsw=\"1024\" data-rsh=\"838\" data-rsBigImg=\"https:\/\/bodegalasarcas.com.ar\/web\/wp-content\/uploads\/2021\/08\/alberto_gal_8.jpg\" href=\"https:\/\/bodegalasarcas.com.ar\/web\/wp-content\/uploads\/2021\/08\/alberto_gal_8-1024x838.jpg\"><span data-alt=\"\"><\/span><\/a><\/div><div class=\"rsContent\"><a class=\"rsImg\" data-rsw=\"1024\" data-rsh=\"838\" data-rsBigImg=\"https:\/\/bodegalasarcas.com.ar\/web\/wp-content\/uploads\/2021\/08\/alberto_gal_9.jpg\" href=\"https:\/\/bodegalasarcas.com.ar\/web\/wp-content\/uploads\/2021\/08\/alberto_gal_9-1024x838.jpg\"><span data-alt=\"\"><\/span><\/a><\/div><div class=\"rsContent\"><a class=\"rsImg\" data-rsw=\"1024\" data-rsh=\"838\" data-rsBigImg=\"https:\/\/bodegalasarcas.com.ar\/web\/wp-content\/uploads\/2021\/08\/alberto_gal_10.jpg\" href=\"https:\/\/bodegalasarcas.com.ar\/web\/wp-content\/uploads\/2021\/08\/alberto_gal_10-1024x838.jpg\"><span data-alt=\"\"><\/span><\/a><\/div><\/div><img decoding=\"async\" src=\"https:\/\/bodegalasarcas.com.ar\/web\/wp-content\/uploads\/2021\/08\/alberto_gal_11-1024x838.jpg\" width=\"1024\" height=\"838\" alt loading=\"lazy\"><\/div><div class=\"w-slider-json\" onclick='return {&quot;autoScaleSlider&quot;:true,&quot;addActiveClass&quot;:true,&quot;loop&quot;:true,&quot;fadeInLoadedSlide&quot;:false,&quot;slidesSpacing&quot;:0,&quot;imageScalePadding&quot;:0,&quot;numImagesToPreload&quot;:2,&quot;arrowsNav&quot;:true,&quot;arrowsNavAutoHide&quot;:false,&quot;transitionType&quot;:&quot;move&quot;,&quot;transitionSpeed&quot;:250,&quot;block&quot;:{&quot;moveEffect&quot;:&quot;none&quot;,&quot;speed&quot;:300},&quot;thumbs&quot;:{&quot;fitInViewport&quot;:false,&quot;firstMargin&quot;:false,&quot;spacing&quot;:4},&quot;controlNavigation&quot;:&quot;none&quot;,&quot;autoplay&quot;:{&quot;enabled&quot;:true,&quot;pauseOnHover&quot;:true,&quot;delay&quot;:3000},&quot;fullscreen&quot;:{&quot;enabled&quot;:true},&quot;autoScaleSliderWidth&quot;:1024,&quot;autoScaleSliderHeight&quot;:838}'><\/div><\/div><div class=\"w-separator size_small\"><\/div><div class=\"wpb_text_column\"><div class=\"wpb_wrapper\"><h6 style=\"text-align: center;\">Mir\u00e1 las entrevistas a Alberto Guardia<\/h6>\n<\/div><\/div><div class=\"w-iconbox iconpos_top style_default color_primary align_center no_text no_title\"><div class=\"w-iconbox-icon\" style=\"font-size:2rem;\"><i class=\"fas fa-arrow-down\"><\/i><\/div><div class=\"w-iconbox-meta\"><\/div><\/div><div class=\"w-separator size_small\"><\/div><div class=\"w-video align_none ratio_16x9 has_iframe\"><div class=\"w-video-h\"><iframe title=\"Youtube video player\" src=\"\/\/www.youtube.com\/embed\/raVnZi_aUvk?autoplay=0&controls=1&origin=https:\/\/bodegalasarcas.com.ar\/web&loop=0&mute=0\" allowfullscreen=\"1\" loading=\"lazy\"><\/iframe><\/div><\/div><div class=\"w-separator size_small\"><\/div><div class=\"w-video align_none ratio_16x9 has_iframe\"><div class=\"w-video-h\"><iframe title=\"Youtube video player\" src=\"\/\/www.youtube.com\/embed\/EeAj4gGCc3o?autoplay=0&controls=1&origin=https:\/\/bodegalasarcas.com.ar\/web&loop=0&mute=0\" allowfullscreen=\"1\" loading=\"lazy\"><\/iframe><\/div><\/div><div class=\"w-separator size_small\"><\/div><div class=\"wpb_text_column\"><div class=\"wpb_wrapper\"><h6 style=\"text-align: center;\">Ceremonia de la Pachamama<\/h6>\n<\/div><\/div><div class=\"w-iconbox iconpos_top style_default color_primary align_center no_text no_title\"><div class=\"w-iconbox-icon\" style=\"font-size:2rem;\"><i class=\"fas fa-arrow-down\"><\/i><\/div><div class=\"w-iconbox-meta\"><\/div><\/div><div class=\"w-separator size_small\"><\/div><div class=\"w-video align_none ratio_16x9 has_iframe\"><div class=\"w-video-h\"><iframe title=\"Youtube video player\" src=\"\/\/www.youtube.com\/embed\/uRo_F3RCePk?autoplay=0&controls=1&origin=https:\/\/bodegalasarcas.com.ar\/web&loop=0&mute=0\" allowfullscreen=\"1\" loading=\"lazy\"><\/iframe><\/div><\/div><\/div><\/div><\/div><\/div><\/div><\/section>\n","protected":false},"excerpt":{"rendered":"Alberto Guardia Fundador de la Bodega Las Arcas de Tolomb\u00f3n Alberto Guardia naci\u00f3 un 29 de agosto, en el d\u00eda en que se conmemora a Juan Bautista Alberdi y a los abogados. Y Alberto era un mediador, podr\u00eda haber sido diplom\u00e1tico, o l\u00edder sindical o gur\u00fa, un mensajero entre dos bandos en guerra \u2026pod\u00eda desempe\u00f1ar...","protected":false},"author":1,"featured_media":0,"parent":0,"menu_order":0,"comment_status":"closed","ping_status":"closed","template":"","meta":{"_joinchat":[],"footnotes":""},"class_list":["post-7582","page","type-page","status-publish","hentry"],"yoast_head":"<!-- This site is optimized with the Yoast SEO plugin v27.4 - https:\/\/yoast.com\/product\/yoast-seo-wordpress\/ -->\n<title>Alberto Guardia | Bodega las Arcas de Tolomb\u00f3n<\/title>\n<meta name=\"robots\" content=\"index, follow, max-snippet:-1, max-image-preview:large, max-video-preview:-1\" \/>\n<link rel=\"canonical\" href=\"https:\/\/bodegalasarcas.com.ar\/web\/alberto-guardia\/\" \/>\n<meta property=\"og:locale\" content=\"es_ES\" \/>\n<meta property=\"og:type\" content=\"article\" \/>\n<meta property=\"og:title\" content=\"Alberto Guardia | Bodega las Arcas de Tolomb\u00f3n\" \/>\n<meta property=\"og:url\" content=\"https:\/\/bodegalasarcas.com.ar\/web\/alberto-guardia\/\" \/>\n<meta property=\"og:site_name\" content=\"Bodega las Arcas de Tolomb\u00f3n\" \/>\n<meta property=\"article:publisher\" content=\"https:\/\/www.facebook.com\/lasarcasdetolombonoficial\/\" \/>\n<meta property=\"article:modified_time\" content=\"2021-10-28T14:18:36+00:00\" \/>\n<meta name=\"twitter:card\" content=\"summary_large_image\" \/>\n<meta name=\"twitter:label1\" content=\"Tiempo de lectura\" \/>\n\t<meta name=\"twitter:data1\" content=\"2 minutos\" \/>\n<script type=\"application\/ld+json\" class=\"yoast-schema-graph\">{\"@context\":\"https:\\\/\\\/schema.org\",\"@graph\":[{\"@type\":\"WebPage\",\"@id\":\"https:\\\/\\\/bodegalasarcas.com.ar\\\/web\\\/alberto-guardia\\\/\",\"url\":\"https:\\\/\\\/bodegalasarcas.com.ar\\\/web\\\/alberto-guardia\\\/\",\"name\":\"Alberto Guardia | Bodega las Arcas de Tolomb\u00f3n\",\"isPartOf\":{\"@id\":\"https:\\\/\\\/bodegalasarcas.com.ar\\\/web\\\/#website\"},\"datePublished\":\"2021-08-09T15:15:07+00:00\",\"dateModified\":\"2021-10-28T14:18:36+00:00\",\"breadcrumb\":{\"@id\":\"https:\\\/\\\/bodegalasarcas.com.ar\\\/web\\\/alberto-guardia\\\/#breadcrumb\"},\"inLanguage\":\"es\",\"potentialAction\":[{\"@type\":\"ReadAction\",\"target\":[\"https:\\\/\\\/bodegalasarcas.com.ar\\\/web\\\/alberto-guardia\\\/\"]}]},{\"@type\":\"BreadcrumbList\",\"@id\":\"https:\\\/\\\/bodegalasarcas.com.ar\\\/web\\\/alberto-guardia\\\/#breadcrumb\",\"itemListElement\":[{\"@type\":\"ListItem\",\"position\":1,\"name\":\"Portada\",\"item\":\"https:\\\/\\\/bodegalasarcas.com.ar\\\/web\\\/\"},{\"@type\":\"ListItem\",\"position\":2,\"name\":\"Alberto Guardia\"}]},{\"@type\":\"WebSite\",\"@id\":\"https:\\\/\\\/bodegalasarcas.com.ar\\\/web\\\/#website\",\"url\":\"https:\\\/\\\/bodegalasarcas.com.ar\\\/web\\\/\",\"name\":\"Bodega las Arcas de Tolomb\u00f3n\",\"description\":\"Vinos Tucumanos con la fuerza Valle Calchaqu\u00ed\",\"publisher\":{\"@id\":\"https:\\\/\\\/bodegalasarcas.com.ar\\\/web\\\/#organization\"},\"potentialAction\":[{\"@type\":\"SearchAction\",\"target\":{\"@type\":\"EntryPoint\",\"urlTemplate\":\"https:\\\/\\\/bodegalasarcas.com.ar\\\/web\\\/?s={search_term_string}\"},\"query-input\":{\"@type\":\"PropertyValueSpecification\",\"valueRequired\":true,\"valueName\":\"search_term_string\"}}],\"inLanguage\":\"es\"},{\"@type\":\"Organization\",\"@id\":\"https:\\\/\\\/bodegalasarcas.com.ar\\\/web\\\/#organization\",\"name\":\"Bodega las Arcas de Tolomb\u00f3n\",\"url\":\"https:\\\/\\\/bodegalasarcas.com.ar\\\/web\\\/\",\"logo\":{\"@type\":\"ImageObject\",\"inLanguage\":\"es\",\"@id\":\"https:\\\/\\\/bodegalasarcas.com.ar\\\/web\\\/#\\\/schema\\\/logo\\\/image\\\/\",\"url\":\"https:\\\/\\\/bodegalasarcas.com.ar\\\/web\\\/wp-content\\\/uploads\\\/2020\\\/05\\\/logo-BLAT-2020.png\",\"contentUrl\":\"https:\\\/\\\/bodegalasarcas.com.ar\\\/web\\\/wp-content\\\/uploads\\\/2020\\\/05\\\/logo-BLAT-2020.png\",\"width\":1024,\"height\":1024,\"caption\":\"Bodega las Arcas de Tolomb\u00f3n\"},\"image\":{\"@id\":\"https:\\\/\\\/bodegalasarcas.com.ar\\\/web\\\/#\\\/schema\\\/logo\\\/image\\\/\"},\"sameAs\":[\"https:\\\/\\\/www.facebook.com\\\/lasarcasdetolombonoficial\\\/\",\"https:\\\/\\\/www.instagram.com\\\/bodegalasarcas_oficial\\\/\",\"https:\\\/\\\/www.youtube.com\\\/channel\\\/UCFZl-FjVRhqERIKARMLo4rw\"]}]}<\/script>\n<!-- \/ Yoast SEO plugin. -->","yoast_head_json":{"title":"Alberto Guardia | Bodega las Arcas de Tolomb\u00f3n","robots":{"index":"index","follow":"follow","max-snippet":"max-snippet:-1","max-image-preview":"max-image-preview:large","max-video-preview":"max-video-preview:-1"},"canonical":"https:\/\/bodegalasarcas.com.ar\/web\/alberto-guardia\/","og_locale":"es_ES","og_type":"article","og_title":"Alberto Guardia | Bodega las Arcas de Tolomb\u00f3n","og_url":"https:\/\/bodegalasarcas.com.ar\/web\/alberto-guardia\/","og_site_name":"Bodega las Arcas de Tolomb\u00f3n","article_publisher":"https:\/\/www.facebook.com\/lasarcasdetolombonoficial\/","article_modified_time":"2021-10-28T14:18:36+00:00","twitter_card":"summary_large_image","twitter_misc":{"Tiempo de lectura":"2 minutos"},"schema":{"@context":"https:\/\/schema.org","@graph":[{"@type":"WebPage","@id":"https:\/\/bodegalasarcas.com.ar\/web\/alberto-guardia\/","url":"https:\/\/bodegalasarcas.com.ar\/web\/alberto-guardia\/","name":"Alberto Guardia | Bodega las Arcas de Tolomb\u00f3n","isPartOf":{"@id":"https:\/\/bodegalasarcas.com.ar\/web\/#website"},"datePublished":"2021-08-09T15:15:07+00:00","dateModified":"2021-10-28T14:18:36+00:00","breadcrumb":{"@id":"https:\/\/bodegalasarcas.com.ar\/web\/alberto-guardia\/#breadcrumb"},"inLanguage":"es","potentialAction":[{"@type":"ReadAction","target":["https:\/\/bodegalasarcas.com.ar\/web\/alberto-guardia\/"]}]},{"@type":"BreadcrumbList","@id":"https:\/\/bodegalasarcas.com.ar\/web\/alberto-guardia\/#breadcrumb","itemListElement":[{"@type":"ListItem","position":1,"name":"Portada","item":"https:\/\/bodegalasarcas.com.ar\/web\/"},{"@type":"ListItem","position":2,"name":"Alberto Guardia"}]},{"@type":"WebSite","@id":"https:\/\/bodegalasarcas.com.ar\/web\/#website","url":"https:\/\/bodegalasarcas.com.ar\/web\/","name":"Bodega las Arcas de Tolomb\u00f3n","description":"Vinos Tucumanos con la fuerza Valle Calchaqu\u00ed","publisher":{"@id":"https:\/\/bodegalasarcas.com.ar\/web\/#organization"},"potentialAction":[{"@type":"SearchAction","target":{"@type":"EntryPoint","urlTemplate":"https:\/\/bodegalasarcas.com.ar\/web\/?s={search_term_string}"},"query-input":{"@type":"PropertyValueSpecification","valueRequired":true,"valueName":"search_term_string"}}],"inLanguage":"es"},{"@type":"Organization","@id":"https:\/\/bodegalasarcas.com.ar\/web\/#organization","name":"Bodega las Arcas de Tolomb\u00f3n","url":"https:\/\/bodegalasarcas.com.ar\/web\/","logo":{"@type":"ImageObject","inLanguage":"es","@id":"https:\/\/bodegalasarcas.com.ar\/web\/#\/schema\/logo\/image\/","url":"https:\/\/bodegalasarcas.com.ar\/web\/wp-content\/uploads\/2020\/05\/logo-BLAT-2020.png","contentUrl":"https:\/\/bodegalasarcas.com.ar\/web\/wp-content\/uploads\/2020\/05\/logo-BLAT-2020.png","width":1024,"height":1024,"caption":"Bodega las Arcas de Tolomb\u00f3n"},"image":{"@id":"https:\/\/bodegalasarcas.com.ar\/web\/#\/schema\/logo\/image\/"},"sameAs":["https:\/\/www.facebook.com\/lasarcasdetolombonoficial\/","https:\/\/www.instagram.com\/bodegalasarcas_oficial\/","https:\/\/www.youtube.com\/channel\/UCFZl-FjVRhqERIKARMLo4rw"]}]}},"_links":{"self":[{"href":"https:\/\/bodegalasarcas.com.ar\/web\/wp-json\/wp\/v2\/pages\/7582","targetHints":{"allow":["GET"]}}],"collection":[{"href":"https:\/\/bodegalasarcas.com.ar\/web\/wp-json\/wp\/v2\/pages"}],"about":[{"href":"https:\/\/bodegalasarcas.com.ar\/web\/wp-json\/wp\/v2\/types\/page"}],"author":[{"embeddable":true,"href":"https:\/\/bodegalasarcas.com.ar\/web\/wp-json\/wp\/v2\/users\/1"}],"replies":[{"embeddable":true,"href":"https:\/\/bodegalasarcas.com.ar\/web\/wp-json\/wp\/v2\/comments?post=7582"}],"version-history":[{"count":27,"href":"https:\/\/bodegalasarcas.com.ar\/web\/wp-json\/wp\/v2\/pages\/7582\/revisions"}],"predecessor-version":[{"id":7673,"href":"https:\/\/bodegalasarcas.com.ar\/web\/wp-json\/wp\/v2\/pages\/7582\/revisions\/7673"}],"wp:attachment":[{"href":"https:\/\/bodegalasarcas.com.ar\/web\/wp-json\/wp\/v2\/media?parent=7582"}],"curies":[{"name":"wp","href":"https:\/\/api.w.org\/{rel}","templated":true}]}}